{"id":67,"date":"2020-03-31T17:33:36","date_gmt":"2020-03-31T15:33:36","guid":{"rendered":"http:\/\/www.valerie-philippin.com\/valwp\/?page_id=67"},"modified":"2025-05-19T14:18:37","modified_gmt":"2025-05-19T12:18:37","slug":"emissions-radio","status":"publish","type":"page","link":"https:\/\/www.valerie-philippin.com\/site\/emissions-radio\/","title":{"rendered":"SUR LES ONDES"},"content":{"rendered":"\n<div class=\"wp-block-columns is-layout-flex wp-container-core-columns-is-layout-9d6595d7 wp-block-columns-is-layout-flex\">\n<div class=\"wp-block-column is-layout-flow wp-block-column-is-layout-flow\">\n<figure class=\"wp-block-image size-full\"><img loading=\"lazy\" decoding=\"async\" width=\"225\" height=\"225\" src=\"http:\/\/www.valerie-philippin.com\/site\/wp-content\/uploads\/FRI-ecouter-le-monde.jpg\" alt=\"\" class=\"wp-image-5972\" srcset=\"https:\/\/www.valerie-philippin.com\/site\/wp-content\/uploads\/FRI-ecouter-le-monde.jpg 225w, https:\/\/www.valerie-philippin.com\/site\/wp-content\/uploads\/FRI-ecouter-le-monde-150x150.jpg 150w\" sizes=\"auto, (max-width: 225px) 100vw, 225px\" \/><\/figure>\n<\/div>\n\n\n\n<div class=\"wp-block-column is-layout-flow wp-block-column-is-layout-flow\">\n<p>\u00c9mission <strong>\u00ab\u00a0\u00c9couter le monde\u00a0\u00bb<\/strong> de Monica Fantini<br>RFI &#8211; printemps 2025<\/p>\n\n\n\n<p><strong> \u00ab\u00a0Notes sur la voix humaine \u00ab\u00a0<\/strong> &#8211; une s\u00e9rie de six \u00e9pisodes pour explorer les lexiques, les nuances et les subtilit\u00e9s de la voix humaine, avec la collaboration de Val\u00e9rie Philippin<\/p>\n\n\n\n<p><a href=\"https:\/\/www.rfi.fr\/fr\/podcasts\/%C3%A9couter-monde\">https:\/\/www.rfi.fr\/fr\/podcasts\/%C3%A9couter-monde<\/a><\/p>\n<\/div>\n<\/div>\n\n\n\n<div class=\"wp-block-columns is-layout-flex wp-container-core-columns-is-layout-9d6595d7 wp-block-columns-is-layout-flex\">\n<div class=\"wp-block-column is-layout-flow wp-block-column-is-layout-flow\">\n<figure class=\"wp-block-image size-large is-resized\"><img loading=\"lazy\" decoding=\"async\" width=\"1024\" height=\"768\" src=\"http:\/\/www.valerie-philippin.com\/site\/wp-content\/uploads\/Valerie-Philippin-et-Violaine-Lochu-radio-DUUU-oct-2024-1024x768.jpeg\" alt=\"\" class=\"wp-image-5963\" style=\"width:259px;height:auto\" srcset=\"https:\/\/www.valerie-philippin.com\/site\/wp-content\/uploads\/Valerie-Philippin-et-Violaine-Lochu-radio-DUUU-oct-2024-1024x768.jpeg 1024w, https:\/\/www.valerie-philippin.com\/site\/wp-content\/uploads\/Valerie-Philippin-et-Violaine-Lochu-radio-DUUU-oct-2024-500x375.jpeg 500w, https:\/\/www.valerie-philippin.com\/site\/wp-content\/uploads\/Valerie-Philippin-et-Violaine-Lochu-radio-DUUU-oct-2024-768x576.jpeg 768w, https:\/\/www.valerie-philippin.com\/site\/wp-content\/uploads\/Valerie-Philippin-et-Violaine-Lochu-radio-DUUU-oct-2024.jpeg 1280w\" sizes=\"auto, (max-width: 1024px) 100vw, 1024px\" \/><\/figure>\n<\/div>\n\n\n\n<div class=\"wp-block-column is-layout-flow wp-block-column-is-layout-flow\">\n<p> \u00c9mission <strong>\u00ab\u00a0Zone vocale\u00a0\u00bb<\/strong> de Violaine Lochu et Chantal Latour Radio DUUU &#8211; mai 2025<\/p>\n\n\n\n<p>Dialogue avec Val\u00e9rie Philippin : dans une d\u00e9marche qui articule cr\u00e9ation artistique et r\u00e9flexion politique, Zone Vocale cherche \u00e0 faire entendre et \u00e0 promouvoir une diversit\u00e9 de voix singuli\u00e8res<\/p>\n\n\n\n<p><a href=\"https:\/\/duuuradio.fr\/archive\/zone-vocale-6-valerie-philippin\">https:\/\/duuuradio.fr\/archive\/zone-vocale-6-valerie-philippin<\/a><\/p>\n<\/div>\n<\/div>\n\n\n\n<div class=\"wp-block-columns is-layout-flex wp-container-core-columns-is-layout-9d6595d7 wp-block-columns-is-layout-flex\">\n<div class=\"wp-block-column is-layout-flow wp-block-column-is-layout-flow\">\n<figure class=\"wp-block-image size-full is-resized\"><img loading=\"lazy\" decoding=\"async\" width=\"600\" height=\"450\" src=\"http:\/\/www.valerie-philippin.com\/site\/wp-content\/uploads\/photo-emission-savonner-zizis-dor.jpg\" alt=\"\" class=\"wp-image-5968\" style=\"width:259px;height:auto\" srcset=\"https:\/\/www.valerie-philippin.com\/site\/wp-content\/uploads\/photo-emission-savonner-zizis-dor.jpg 600w, https:\/\/www.valerie-philippin.com\/site\/wp-content\/uploads\/photo-emission-savonner-zizis-dor-500x375.jpg 500w\" sizes=\"auto, (max-width: 600px) 100vw, 600px\" \/><\/figure>\n<\/div>\n\n\n\n<div class=\"wp-block-column is-layout-flow wp-block-column-is-layout-flow\">\n<p>\u00c9mission <strong>\u00a0\u00bb Metaclassique \u00a0\u00bb #318<\/strong> de David Christoffel<br>enregistr\u00e9 \u00e0 La G\u00e9n\u00e9rale &#8211; laboratoire artistique politique et social &#8211; f\u00e9vrier 2025<\/p>\n\n\n\n<p><strong>\u00ab\u00a0Savonner\u00a0\u00bb <\/strong>l&rsquo;Acad\u00e9mie des Zizis d&rsquo;Or r\u00e9compense les acteurs de la vie musicale qui font le plus d&rsquo;effort pour la non-mixit\u00e9 du secteur : \u00e9diteurs, festivals, labels&#8230; Lors de l&rsquo;\u00e9mission, les troph\u00e9es ont \u00e9t\u00e9 remis par des personnalit\u00e9s impliqu\u00e9es dans une meilleure \u00e9galit\u00e9 des genres dans la vie musicale : Jean-Baptiste Ap\u00e9r\u00e9, Marianne Chauvin, Aliette de Laleu, Guillaume Kosmicki, Val\u00e9rie Philippin,<em> <\/em>Lucie Prod&rsquo;homme et Alexandre Valette.<\/p>\n<\/div>\n<\/div>\n\n\n\n<div class=\"wp-block-columns is-layout-flex wp-container-core-columns-is-layout-9d6595d7 wp-block-columns-is-layout-flex\">\n<div class=\"wp-block-column is-layout-flow wp-block-column-is-layout-flow\">\n<figure class=\"wp-block-image size-full is-resized is-style-default\"><img loading=\"lazy\" decoding=\"async\" width=\"300\" height=\"300\" src=\"http:\/\/www.valerie-philippin.com\/site\/wp-content\/uploads\/340b-c642-49c0-bc4b-df06ac4a2fde.jpg\" alt=\"\" class=\"wp-image-4191\" style=\"width:257px;height:auto\" srcset=\"https:\/\/www.valerie-philippin.com\/site\/wp-content\/uploads\/340b-c642-49c0-bc4b-df06ac4a2fde.jpg 300w, https:\/\/www.valerie-philippin.com\/site\/wp-content\/uploads\/340b-c642-49c0-bc4b-df06ac4a2fde-150x150.jpg 150w\" sizes=\"auto, (max-width: 300px) 100vw, 300px\" \/><\/figure>\n<\/div>\n\n\n\n<div class=\"wp-block-column is-layout-flow wp-block-column-is-layout-flow\">\n<p>\u00c9mission \u00ab\u00a0<strong>Fl\u00e8che sensible\u00a0\u00bb <\/strong>de Jeff Lagoutte<br>Radio \u00ab\u00a0Fr\u00e9quence Paris Plurielle\u00a0\u00bb &#8211; septembre 2022.<\/p>\n\n\n\n<p>Val\u00e9rie Philippin est invit\u00e9e \u00e0 l&rsquo;occasion de la parution aux \u00e9ditions Sym\u00e9trie du poster inclusif \u00ab\u00a0Compositrices et compositeurs dans l&rsquo;histoire de la musique \u00e9crite occidentale\u00a0\u00bb et du recueil de partitions <a href=\"https:\/\/symetrie.com\/fr\/auteurs\/valerie.philippin\">\u00ab\u00a0Kit-Musique\u00a0\u00bb<\/a> ,<strong><a href=\"https:\/\/symetrie.com\/fr\/auteurs\/valerie.philippin\"> <\/a><\/strong>accompagn\u00e9s d&rsquo;extraits musicaux interpr\u00e9t\u00e9s par le trio D\u00e9CLIC.<\/p>\n\n\n\n<figure class=\"wp-block-embed is-type-rich is-provider-mixcloud wp-block-embed-mixcloud wp-embed-aspect-21-9 wp-has-aspect-ratio\"><div class=\"wp-block-embed__wrapper\">\n<iframe loading=\"lazy\" title=\"Fl\u00e8che Sensible Trio D\u00e9clic Val\u00e9rie Philippin\" width=\"100%\" height=\"120\" src=\"https:\/\/www.mixcloud.com\/widget\/iframe\/?feed=https%3A%2F%2Fwww.mixcloud.com%2Fflechesensible%2Ffl%25C3%25A8che-sensible-trio-d%25C3%25A9clic-val%25C3%25A9rie-philippin%2F&amp;hide_cover=1\" frameborder=\"0\" allow=\"encrypted-media; fullscreen; autoplay; idle-detection; speaker-selection; web-share;\"><\/iframe>\n<\/div><\/figure>\n<\/div>\n<\/div>\n\n\n\n<div class=\"wp-block-columns is-layout-flex wp-container-core-columns-is-layout-9d6595d7 wp-block-columns-is-layout-flex\">\n<div class=\"wp-block-column is-layout-flow wp-block-column-is-layout-flow\">\n<figure class=\"wp-block-image size-full is-style-default\"><img loading=\"lazy\" decoding=\"async\" width=\"225\" height=\"225\" src=\"http:\/\/www.valerie-philippin.com\/site\/wp-content\/uploads\/2020\/05\/image-MAGNETIQUE.png\" alt=\"\" class=\"wp-image-2369\" srcset=\"https:\/\/www.valerie-philippin.com\/site\/wp-content\/uploads\/2020\/05\/image-MAGNETIQUE.png 225w, https:\/\/www.valerie-philippin.com\/site\/wp-content\/uploads\/2020\/05\/image-MAGNETIQUE-150x150.png 150w\" sizes=\"auto, (max-width: 225px) 100vw, 225px\" \/><\/figure>\n<\/div>\n\n\n\n<div class=\"wp-block-column is-layout-flow wp-block-column-is-layout-flow\">\n<p>\u00c9mission <strong>\u00ab&nbsp;Magn\u00e9tique&nbsp;\u00bb<\/strong> de David Christoffel<br>Radio T\u00e9l\u00e9vision Suisse &#8211; janvier 2019<\/p>\n\n\n\n<p><strong>\u00ab&nbsp;Val\u00e9rie Philippin, une voix libre, ouverte et aventureuse&nbsp;\u00bb,<\/strong> \u00e0 l\u2019occasion de la sortie du livre \u00ab&nbsp;Le corps chantant&nbsp;\u00bb (\u00e9d. Sym\u00e9trie), <\/p>\n\n\n\n<p class=\"has-luminous-vivid-amber-color has-text-color\"><strong><a href=\"https:\/\/www.rts.ch\/audio-podcast\/2019\/audio\/valerie-philippin-une-voix-libre-ouverte-et-aventureuse-25016934.html\" target=\"_blank\" rel=\"noreferrer noopener\">https:\/\/www.rts.ch\/audio-podcast\/2019\/audio\/valerie-philippin-une-voix-libre-ouverte-et-aventureuse-25016934.html<\/a><\/strong><\/p>\n<\/div>\n<\/div>\n\n\n\n<div class=\"wp-block-columns is-layout-flex wp-container-core-columns-is-layout-9d6595d7 wp-block-columns-is-layout-flex\">\n<div class=\"wp-block-column is-layout-flow wp-block-column-is-layout-flow\">\n<figure class=\"wp-block-image size-full is-resized\"><img loading=\"lazy\" decoding=\"async\" width=\"200\" height=\"200\" src=\"http:\/\/valerie-philippin.com\/site\/wp-content\/uploads\/2020\/05\/image-Le-CRI-du-Patchwork.jpg\" alt=\"\" class=\"wp-image-2370\" style=\"width:215px;height:auto\" srcset=\"https:\/\/www.valerie-philippin.com\/site\/wp-content\/uploads\/2020\/05\/image-Le-CRI-du-Patchwork.jpg 200w, https:\/\/www.valerie-philippin.com\/site\/wp-content\/uploads\/2020\/05\/image-Le-CRI-du-Patchwork-150x150.jpg 150w\" sizes=\"auto, (max-width: 200px) 100vw, 200px\" \/><\/figure>\n<\/div>\n\n\n\n<div class=\"wp-block-column is-layout-flow wp-block-column-is-layout-flow\">\n<p>\u00c9mission <strong>\u00ab&nbsp; Le cri du Patchwork&nbsp;\u00bb<\/strong> de Cl\u00e9ment Lebrun<br>France Musique &#8211; mai 2018<\/p>\n\n\n\n<p><strong>\u00ab&nbsp;De la parole dans la voix&nbsp;\u00bb<\/strong> par Val\u00e9rie Philippin, <\/p>\n\n\n\n<p class=\"has-luminous-vivid-amber-color has-text-color\"><strong><a href=\"https:\/\/www.radiofrance.fr\/francemusique\/podcasts\/le-cri-du-patchwork\/parole-4-de-la-parole-dans-la-voix-8133551\" target=\"_blank\" rel=\"noreferrer noopener\">https:\/\/www.radiofrance.fr\/francemusique\/podcasts\/le-cri-du-patchwork\/parole-4-de-la-parole-dans-la-voix-8133551<\/a><\/strong><\/p>\n<\/div>\n<\/div>\n\n\n\n<div class=\"wp-block-columns is-layout-flex wp-container-core-columns-is-layout-9d6595d7 wp-block-columns-is-layout-flex\">\n<div class=\"wp-block-column is-layout-flow wp-block-column-is-layout-flow\">\n<figure class=\"wp-block-image size-full is-style-default\"><img loading=\"lazy\" decoding=\"async\" width=\"225\" height=\"225\" src=\"http:\/\/www.valerie-philippin.com\/site\/wp-content\/uploads\/2020\/05\/image-LE-PORTRAIT-CONTEMPORAIN-2017.png\" alt=\"\" class=\"wp-image-2371\" srcset=\"https:\/\/www.valerie-philippin.com\/site\/wp-content\/uploads\/2020\/05\/image-LE-PORTRAIT-CONTEMPORAIN-2017.png 225w, https:\/\/www.valerie-philippin.com\/site\/wp-content\/uploads\/2020\/05\/image-LE-PORTRAIT-CONTEMPORAIN-2017-150x150.png 150w\" sizes=\"auto, (max-width: 225px) 100vw, 225px\" \/><\/figure>\n<\/div>\n\n\n\n<div class=\"wp-block-column is-layout-flow wp-block-column-is-layout-flow\">\n<p> \u00c9mission <strong>\u00ab&nbsp;Le portrait contemporain&nbsp;\u00bb<\/strong> d\u2019 Arnaud Merlin<br>France Musique &#8211; mai 2017<br><br><strong>\u00ab&nbsp; Les territoires de la voix&nbsp;\u00bb<\/strong>, portrait de Val\u00e9rie Philippin \u00e0 l\u2019occasion de la sortie du livre \u00ab&nbsp;La Voix soliste contemporaine, rep\u00e8res, technique et r\u00e9pertoire&nbsp;\u00bb (\u00e9d. Sym\u00e9trie)&nbsp;dans<\/p>\n\n\n\n<p class=\"has-luminous-vivid-amber-color has-text-color\"><a href=\"https:\/\/www.radiofrance.fr\/francemusique\/podcasts\/le-portrait-contemporain\/valerie-philippin-les-territoires-de-la-voix-6090827\" target=\"_blank\" rel=\"noreferrer noopener\">https:\/\/www.radiofrance.fr\/francem<strong>usique\/podcasts\/le-portrait-contemporain\/valerie-philippin-les-territoires-de-la-voix-6090827<\/strong><\/a><\/p>\n<\/div>\n<\/div>\n\n\n\n<div class=\"wp-block-columns is-layout-flex wp-container-core-columns-is-layout-9d6595d7 wp-block-columns-is-layout-flex\">\n<div class=\"wp-block-column is-layout-flow wp-block-column-is-layout-flow\">\n<figure class=\"wp-block-image size-full is-resized is-style-default\"><img loading=\"lazy\" decoding=\"async\" width=\"300\" height=\"300\" src=\"http:\/\/www.valerie-philippin.com\/site\/wp-content\/uploads\/visual_franceculture.CCW6Tqpt-1.jpg\" alt=\"\" class=\"wp-image-5616\" style=\"width:230px;height:auto\" srcset=\"https:\/\/www.valerie-philippin.com\/site\/wp-content\/uploads\/visual_franceculture.CCW6Tqpt-1.jpg 300w, https:\/\/www.valerie-philippin.com\/site\/wp-content\/uploads\/visual_franceculture.CCW6Tqpt-1-150x150.jpg 150w\" sizes=\"auto, (max-width: 300px) 100vw, 300px\" \/><\/figure>\n<\/div>\n\n\n\n<div class=\"wp-block-column is-layout-flow wp-block-column-is-layout-flow\">\n<p>\u00e9mission <strong>\u00ab&nbsp;L\u2019atelier int\u00e9rieur&nbsp;\u00bb<\/strong> d\u2019 Aur\u00e9lie Charon<br>France Culture- juin 2013<\/p>\n\n\n\n<p>\u00ab&nbsp;<strong>La voix<\/strong>&nbsp;\u00bb, improvisations de Val\u00e9rie Philippin avec des membres de l\u2019Encyclop\u00e9die de la Parole, <br><\/p>\n\n\n\n<p class=\"has-luminous-vivid-amber-color has-text-color\"><a href=\"https:\/\/www.radiofrance.fr\/franceculture\/podcasts\/l-atelier-interieur\/numero-41-des-vocalises-6142707\" target=\"_blank\" rel=\"noreferrer noopener\"><strong>https:\/\/www.radiofrance.fr\/franceculture\/podcasts\/l-atelier-interieur\/numero-41-des-vocalises-6142707<\/strong><\/a><\/p>\n<\/div>\n<\/div>\n\n\n\n<div class=\"wp-block-columns is-layout-flex wp-container-core-columns-is-layout-9d6595d7 wp-block-columns-is-layout-flex\">\n<div class=\"wp-block-column is-layout-flow wp-block-column-is-layout-flow\">\n<figure class=\"wp-block-image size-full is-resized is-style-default\"><img loading=\"lazy\" decoding=\"async\" width=\"425\" height=\"424\" src=\"http:\/\/www.valerie-philippin.com\/site\/wp-content\/uploads\/2020\/05\/image-Movimento-2011.jpg\" alt=\"\" class=\"wp-image-2372\" style=\"width:226px;height:auto\" srcset=\"https:\/\/www.valerie-philippin.com\/site\/wp-content\/uploads\/2020\/05\/image-Movimento-2011.jpg 425w, https:\/\/www.valerie-philippin.com\/site\/wp-content\/uploads\/2020\/05\/image-Movimento-2011-300x300.jpg 300w, https:\/\/www.valerie-philippin.com\/site\/wp-content\/uploads\/2020\/05\/image-Movimento-2011-150x150.jpg 150w\" sizes=\"auto, (max-width: 425px) 100vw, 425px\" \/><\/figure>\n<\/div>\n\n\n\n<div class=\"wp-block-column is-layout-flow wp-block-column-is-layout-flow\">\n<p>\u00c9mission <strong>\u00a0\u00bb Movimento \u00ab\u00a0<\/strong> de Jeanne-Martine Vacher<br>France Musique &#8211; novembre 2011<\/p>\n\n\n\n<p>invit\u00e9s : Tran Quang Hai et Val\u00e9rie Philippin<\/p>\n\n\n\n<p class=\"has-luminous-vivid-amber-color has-text-color\"><a href=\"https:\/\/www.radiofrance.fr\/franceculture\/podcasts\/movimento\/movimento-tran-quang-hai-3418969\" target=\"_blank\" rel=\"noreferrer noopener\"><strong>https:\/\/www.radiofrance.fr\/franceculture\/podcasts\/movimento\/movimento-tran-quang-hai-3418969<\/strong><\/a><\/p>\n<\/div>\n<\/div>\n\n\n\n<div class=\"wp-block-columns is-layout-flex wp-container-core-columns-is-layout-9d6595d7 wp-block-columns-is-layout-flex\">\n<div class=\"wp-block-column is-layout-flow wp-block-column-is-layout-flow\">\n<figure class=\"wp-block-image size-full is-style-default\"><img loading=\"lazy\" decoding=\"async\" width=\"225\" height=\"225\" src=\"http:\/\/www.valerie-philippin.com\/site\/wp-content\/uploads\/2020\/05\/image-Les-vendredis-de-la-musique.png\" alt=\"\" class=\"wp-image-2373\" srcset=\"https:\/\/www.valerie-philippin.com\/site\/wp-content\/uploads\/2020\/05\/image-Les-vendredis-de-la-musique.png 225w, https:\/\/www.valerie-philippin.com\/site\/wp-content\/uploads\/2020\/05\/image-Les-vendredis-de-la-musique-150x150.png 150w\" sizes=\"auto, (max-width: 225px) 100vw, 225px\" \/><\/figure>\n<\/div>\n\n\n\n<div class=\"wp-block-column is-layout-flow wp-block-column-is-layout-flow\">\n<p><strong>\u00ab&nbsp;Les Vendredis de la Musique&nbsp;\u00bb<\/strong> de Jeanne-Martine Vacher<br>France Culture &#8211; f\u00e9vrier 2011<\/p>\n\n\n\n<p><strong>\u00ab&nbsp;La voix, passions multiples&nbsp;\u00bb<\/strong>, un portrait de Val\u00e9rie Philippin <\/p>\n\n\n\n<p class=\"has-luminous-vivid-amber-color has-text-color\"><a href=\"https:\/\/www.radiofrance.fr\/franceculture\/podcasts\/les-vendredis-de-la-musique\/les-vendredis-de-la-musique-la-voix-passions-multiples-7305118\" target=\"_blank\" rel=\"noreferrer noopener\"><strong>https:\/\/www.radiofrance.fr\/franceculture\/podcasts\/les-vendredis-de-la-musique\/les-vendredis-de-la-musique-la-voix-passions-multiples-7305118<\/strong><\/a><\/p>\n<\/div>\n<\/div>\n\n\n\n<div class=\"wp-block-columns is-layout-flex wp-container-core-columns-is-layout-9d6595d7 wp-block-columns-is-layout-flex\">\n<div class=\"wp-block-column is-layout-flow wp-block-column-is-layout-flow\">\n<figure class=\"wp-block-image size-full is-resized is-style-default\"><img loading=\"lazy\" decoding=\"async\" width=\"150\" height=\"150\" src=\"http:\/\/www.valerie-philippin.com\/site\/wp-content\/uploads\/2020\/05\/image-Sciences-publiques-2011.png\" alt=\"\" class=\"wp-image-2374\" style=\"width:231px;height:auto\"\/><\/figure>\n<\/div>\n\n\n\n<div class=\"wp-block-column is-layout-flow wp-block-column-is-layout-flow\">\n<p>\u00c9mission <strong>\u00ab&nbsp;Sciences publique&nbsp;\u00bb <\/strong>de Michel Alberganti<br>France Culture &#8211; janvier 2011<\/p>\n\n\n\n<p><strong>\u00a0\u00bb Comment cultiver notre perception auditive ?<\/strong> \u00a0\u00bb avec Val\u00e9rie Philippin, Christian Hugonnet (directeur de la Semaine du Son), Olivier Sterckers (professeur ORL \u00e0 l&rsquo;h\u00f4pital Beaujon), <\/p>\n\n\n\n<p><a href=\"https:\/\/www.radiofrance.fr\/franceculture\/podcasts\/science-publique\/comment-cultiver-notre-perception-auditive-8549474\" target=\"_blank\" rel=\"noreferrer noopener\"><strong>https:\/\/www.radiofrance.fr\/franceculture\/podcasts\/science-publique\/comment-cultiver-notre-perception-auditive-8549474<\/strong><\/a><\/p>\n<\/div>\n<\/div>\n\n\n\n<div class=\"wp-block-columns is-layout-flex wp-container-core-columns-is-layout-9d6595d7 wp-block-columns-is-layout-flex\">\n<div class=\"wp-block-column is-layout-flow wp-block-column-is-layout-flow\"><\/div>\n\n\n\n<div class=\"wp-block-column is-layout-flow wp-block-column-is-layout-flow\"><\/div>\n<\/div>\n","protected":false},"excerpt":{"rendered":"<p>\u00c9mission \u00ab\u00a0\u00c9couter le monde\u00a0\u00bb de Monica FantiniRFI &#8211; printemps 2025 \u00ab\u00a0Notes sur la voix humaine \u00ab\u00a0 &#8211; une s\u00e9rie de six \u00e9pisodes pour explorer les&hellip;<\/p>\n","protected":false},"author":1,"featured_media":0,"parent":0,"menu_order":0,"comment_status":"closed","ping_status":"closed","template":"","meta":{"footnotes":""},"class_list":["post-67","page","type-page","status-publish","hentry"],"yoast_head":"<!-- This site is optimized with the Yoast SEO plugin v27.5 - https:\/\/yoast.com\/product\/yoast-seo-wordpress\/ -->\n<title>SUR LES ONDES &#8226; Val\u00e9rie Philippin \/ Cie Territoires de la voix<\/title>\n<meta name=\"robots\" content=\"index, follow, max-snippet:-1, max-image-preview:large, max-video-preview:-1\" \/>\n<link rel=\"canonical\" href=\"https:\/\/www.valerie-philippin.com\/site\/emissions-radio\/\" \/>\n<meta property=\"og:locale\" content=\"fr_FR\" \/>\n<meta property=\"og:type\" content=\"article\" \/>\n<meta property=\"og:title\" content=\"SUR LES ONDES &#8226; Val\u00e9rie Philippin \/ Cie Territoires de la voix\" \/>\n<meta property=\"og:description\" content=\"\u00c9mission \u00ab\u00a0\u00c9couter le monde\u00a0\u00bb de Monica FantiniRFI &#8211; printemps 2025 \u00ab\u00a0Notes sur la voix humaine \u00ab\u00a0 &#8211; une s\u00e9rie de six \u00e9pisodes pour explorer les&hellip;\" \/>\n<meta property=\"og:url\" content=\"https:\/\/www.valerie-philippin.com\/site\/emissions-radio\/\" \/>\n<meta property=\"og:site_name\" content=\"Val\u00e9rie Philippin \/ Cie Territoires de la voix\" \/>\n<meta property=\"article:modified_time\" content=\"2025-05-19T12:18:37+00:00\" \/>\n<meta property=\"og:image\" content=\"https:\/\/www.valerie-philippin.com\/site\/wp-content\/uploads\/FRI-ecouter-le-monde.jpg\" \/>\n\t<meta property=\"og:image:width\" content=\"225\" \/>\n\t<meta property=\"og:image:height\" content=\"225\" \/>\n\t<meta property=\"og:image:type\" content=\"image\/jpeg\" \/>\n<meta name=\"twitter:card\" content=\"summary_large_image\" \/>\n<meta name=\"twitter:label1\" content=\"Dur\u00e9e de lecture estim\u00e9e\" \/>\n\t<meta name=\"twitter:data1\" content=\"5 minutes\" \/>\n<script type=\"application\/ld+json\" class=\"yoast-schema-graph\">{\"@context\":\"https:\\\/\\\/schema.org\",\"@graph\":[{\"@type\":\"WebPage\",\"@id\":\"https:\\\/\\\/www.valerie-philippin.com\\\/site\\\/emissions-radio\\\/\",\"url\":\"https:\\\/\\\/www.valerie-philippin.com\\\/site\\\/emissions-radio\\\/\",\"name\":\"SUR LES ONDES &#8226; Val\u00e9rie Philippin \\\/ Cie Territoires de la voix\",\"isPartOf\":{\"@id\":\"https:\\\/\\\/www.valerie-philippin.com\\\/site\\\/#website\"},\"primaryImageOfPage\":{\"@id\":\"https:\\\/\\\/www.valerie-philippin.com\\\/site\\\/emissions-radio\\\/#primaryimage\"},\"image\":{\"@id\":\"https:\\\/\\\/www.valerie-philippin.com\\\/site\\\/emissions-radio\\\/#primaryimage\"},\"thumbnailUrl\":\"http:\\\/\\\/www.valerie-philippin.com\\\/site\\\/wp-content\\\/uploads\\\/FRI-ecouter-le-monde.jpg\",\"datePublished\":\"2020-03-31T15:33:36+00:00\",\"dateModified\":\"2025-05-19T12:18:37+00:00\",\"breadcrumb\":{\"@id\":\"https:\\\/\\\/www.valerie-philippin.com\\\/site\\\/emissions-radio\\\/#breadcrumb\"},\"inLanguage\":\"fr-FR\",\"potentialAction\":[{\"@type\":\"ReadAction\",\"target\":[\"https:\\\/\\\/www.valerie-philippin.com\\\/site\\\/emissions-radio\\\/\"]}]},{\"@type\":\"ImageObject\",\"inLanguage\":\"fr-FR\",\"@id\":\"https:\\\/\\\/www.valerie-philippin.com\\\/site\\\/emissions-radio\\\/#primaryimage\",\"url\":\"https:\\\/\\\/www.valerie-philippin.com\\\/site\\\/wp-content\\\/uploads\\\/FRI-ecouter-le-monde.jpg\",\"contentUrl\":\"https:\\\/\\\/www.valerie-philippin.com\\\/site\\\/wp-content\\\/uploads\\\/FRI-ecouter-le-monde.jpg\",\"width\":225,\"height\":225},{\"@type\":\"BreadcrumbList\",\"@id\":\"https:\\\/\\\/www.valerie-philippin.com\\\/site\\\/emissions-radio\\\/#breadcrumb\",\"itemListElement\":[{\"@type\":\"ListItem\",\"position\":1,\"name\":\"Accueil\",\"item\":\"https:\\\/\\\/www.valerie-philippin.com\\\/site\\\/\"},{\"@type\":\"ListItem\",\"position\":2,\"name\":\"SUR LES ONDES\"}]},{\"@type\":\"WebSite\",\"@id\":\"https:\\\/\\\/www.valerie-philippin.com\\\/site\\\/#website\",\"url\":\"https:\\\/\\\/www.valerie-philippin.com\\\/site\\\/\",\"name\":\"Val\u00e9rie Philippin \\\/ Cie Territoires de la voix\",\"description\":\"FaBLab de cr\u00e9ation vocale contemporaine\",\"publisher\":{\"@id\":\"https:\\\/\\\/www.valerie-philippin.com\\\/site\\\/#organization\"},\"potentialAction\":[{\"@type\":\"SearchAction\",\"target\":{\"@type\":\"EntryPoint\",\"urlTemplate\":\"https:\\\/\\\/www.valerie-philippin.com\\\/site\\\/?s={search_term_string}\"},\"query-input\":{\"@type\":\"PropertyValueSpecification\",\"valueRequired\":true,\"valueName\":\"search_term_string\"}}],\"inLanguage\":\"fr-FR\"},{\"@type\":\"Organization\",\"@id\":\"https:\\\/\\\/www.valerie-philippin.com\\\/site\\\/#organization\",\"name\":\"Territoires de la voix\",\"url\":\"https:\\\/\\\/www.valerie-philippin.com\\\/site\\\/\",\"logo\":{\"@type\":\"ImageObject\",\"inLanguage\":\"fr-FR\",\"@id\":\"https:\\\/\\\/www.valerie-philippin.com\\\/site\\\/#\\\/schema\\\/logo\\\/image\\\/\",\"url\":\"http:\\\/\\\/www.valerie-philippin.com\\\/site\\\/wp-content\\\/uploads\\\/2020\\\/06\\\/logoterritoiresdelavoix.png\",\"contentUrl\":\"http:\\\/\\\/www.valerie-philippin.com\\\/site\\\/wp-content\\\/uploads\\\/2020\\\/06\\\/logoterritoiresdelavoix.png\",\"width\":500,\"height\":537,\"caption\":\"Territoires de la voix\"},\"image\":{\"@id\":\"https:\\\/\\\/www.valerie-philippin.com\\\/site\\\/#\\\/schema\\\/logo\\\/image\\\/\"}}]}<\/script>\n<!-- \/ Yoast SEO plugin. -->","yoast_head_json":{"title":"SUR LES ONDES &#8226; Val\u00e9rie Philippin \/ Cie Territoires de la voix","robots":{"index":"index","follow":"follow","max-snippet":"max-snippet:-1","max-image-preview":"max-image-preview:large","max-video-preview":"max-video-preview:-1"},"canonical":"https:\/\/www.valerie-philippin.com\/site\/emissions-radio\/","og_locale":"fr_FR","og_type":"article","og_title":"SUR LES ONDES &#8226; Val\u00e9rie Philippin \/ Cie Territoires de la voix","og_description":"\u00c9mission \u00ab\u00a0\u00c9couter le monde\u00a0\u00bb de Monica FantiniRFI &#8211; printemps 2025 \u00ab\u00a0Notes sur la voix humaine \u00ab\u00a0 &#8211; une s\u00e9rie de six \u00e9pisodes pour explorer les&hellip;","og_url":"https:\/\/www.valerie-philippin.com\/site\/emissions-radio\/","og_site_name":"Val\u00e9rie Philippin \/ Cie Territoires de la voix","article_modified_time":"2025-05-19T12:18:37+00:00","og_image":[{"width":225,"height":225,"url":"https:\/\/www.valerie-philippin.com\/site\/wp-content\/uploads\/FRI-ecouter-le-monde.jpg","type":"image\/jpeg"}],"twitter_card":"summary_large_image","twitter_misc":{"Dur\u00e9e de lecture estim\u00e9e":"5 minutes"},"schema":{"@context":"https:\/\/schema.org","@graph":[{"@type":"WebPage","@id":"https:\/\/www.valerie-philippin.com\/site\/emissions-radio\/","url":"https:\/\/www.valerie-philippin.com\/site\/emissions-radio\/","name":"SUR LES ONDES &#8226; Val\u00e9rie Philippin \/ Cie Territoires de la voix","isPartOf":{"@id":"https:\/\/www.valerie-philippin.com\/site\/#website"},"primaryImageOfPage":{"@id":"https:\/\/www.valerie-philippin.com\/site\/emissions-radio\/#primaryimage"},"image":{"@id":"https:\/\/www.valerie-philippin.com\/site\/emissions-radio\/#primaryimage"},"thumbnailUrl":"http:\/\/www.valerie-philippin.com\/site\/wp-content\/uploads\/FRI-ecouter-le-monde.jpg","datePublished":"2020-03-31T15:33:36+00:00","dateModified":"2025-05-19T12:18:37+00:00","breadcrumb":{"@id":"https:\/\/www.valerie-philippin.com\/site\/emissions-radio\/#breadcrumb"},"inLanguage":"fr-FR","potentialAction":[{"@type":"ReadAction","target":["https:\/\/www.valerie-philippin.com\/site\/emissions-radio\/"]}]},{"@type":"ImageObject","inLanguage":"fr-FR","@id":"https:\/\/www.valerie-philippin.com\/site\/emissions-radio\/#primaryimage","url":"https:\/\/www.valerie-philippin.com\/site\/wp-content\/uploads\/FRI-ecouter-le-monde.jpg","contentUrl":"https:\/\/www.valerie-philippin.com\/site\/wp-content\/uploads\/FRI-ecouter-le-monde.jpg","width":225,"height":225},{"@type":"BreadcrumbList","@id":"https:\/\/www.valerie-philippin.com\/site\/emissions-radio\/#breadcrumb","itemListElement":[{"@type":"ListItem","position":1,"name":"Accueil","item":"https:\/\/www.valerie-philippin.com\/site\/"},{"@type":"ListItem","position":2,"name":"SUR LES ONDES"}]},{"@type":"WebSite","@id":"https:\/\/www.valerie-philippin.com\/site\/#website","url":"https:\/\/www.valerie-philippin.com\/site\/","name":"Val\u00e9rie Philippin \/ Cie Territoires de la voix","description":"FaBLab de cr\u00e9ation vocale contemporaine","publisher":{"@id":"https:\/\/www.valerie-philippin.com\/site\/#organization"},"potentialAction":[{"@type":"SearchAction","target":{"@type":"EntryPoint","urlTemplate":"https:\/\/www.valerie-philippin.com\/site\/?s={search_term_string}"},"query-input":{"@type":"PropertyValueSpecification","valueRequired":true,"valueName":"search_term_string"}}],"inLanguage":"fr-FR"},{"@type":"Organization","@id":"https:\/\/www.valerie-philippin.com\/site\/#organization","name":"Territoires de la voix","url":"https:\/\/www.valerie-philippin.com\/site\/","logo":{"@type":"ImageObject","inLanguage":"fr-FR","@id":"https:\/\/www.valerie-philippin.com\/site\/#\/schema\/logo\/image\/","url":"http:\/\/www.valerie-philippin.com\/site\/wp-content\/uploads\/2020\/06\/logoterritoiresdelavoix.png","contentUrl":"http:\/\/www.valerie-philippin.com\/site\/wp-content\/uploads\/2020\/06\/logoterritoiresdelavoix.png","width":500,"height":537,"caption":"Territoires de la voix"},"image":{"@id":"https:\/\/www.valerie-philippin.com\/site\/#\/schema\/logo\/image\/"}}]}},"_links":{"self":[{"href":"https:\/\/www.valerie-philippin.com\/site\/wp-json\/wp\/v2\/pages\/67","targetHints":{"allow":["GET"]}}],"collection":[{"href":"https:\/\/www.valerie-philippin.com\/site\/wp-json\/wp\/v2\/pages"}],"about":[{"href":"https:\/\/www.valerie-philippin.com\/site\/wp-json\/wp\/v2\/types\/page"}],"author":[{"embeddable":true,"href":"https:\/\/www.valerie-philippin.com\/site\/wp-json\/wp\/v2\/users\/1"}],"replies":[{"embeddable":true,"href":"https:\/\/www.valerie-philippin.com\/site\/wp-json\/wp\/v2\/comments?post=67"}],"version-history":[{"count":81,"href":"https:\/\/www.valerie-philippin.com\/site\/wp-json\/wp\/v2\/pages\/67\/revisions"}],"predecessor-version":[{"id":5978,"href":"https:\/\/www.valerie-philippin.com\/site\/wp-json\/wp\/v2\/pages\/67\/revisions\/5978"}],"wp:attachment":[{"href":"https:\/\/www.valerie-philippin.com\/site\/wp-json\/wp\/v2\/media?parent=67"}],"curies":[{"name":"wp","href":"https:\/\/api.w.org\/{rel}","templated":true}]}}